{"id":621,"date":"2018-05-25T00:10:07","date_gmt":"2018-05-24T22:10:07","guid":{"rendered":"https:\/\/semflex.pl\/?page_id=621"},"modified":"2018-05-25T00:11:42","modified_gmt":"2018-05-24T22:11:42","slug":"polityka-prywatnosci","status":"publish","type":"page","link":"https:\/\/semflex.pl\/?page_id=621","title":{"rendered":"Polityka prywatno\u015bci"},"content":{"rendered":"<h3><b>INFORMACJE OG\u00d3LNE<\/b><\/h3>\n<p>Niniejsza Polityka Prywatno\u015bci okre\u015bla zasady przetwarzania i ochrony danych osobowych przekazanych przez U\u017cytkownik\u00f3w w zwi\u0105zku z korzystaniem ze strony internetowej <b>SEMFLEX.PL <\/b>oraz z poczty elektronicznej wysy\u0142anej na adresy pocztowe w domenie <b>@SEMFLEX.PL<\/b><\/p>\n<p>&nbsp;<\/p>\n<h3><b>S\u0141OWNIK POJ\u0118\u0106<\/b><\/h3>\n<p>Na potrzeby lepszego odbioru Polityki Prywatno\u015bci termin \u201eU\u017cytkownik\u201d cz\u0119\u015bciowo zast\u0105piony zosta\u0142 okre\u015bleniem \u201eTy\u201d, \u00a0\u201eAdministrator\u201d \u2013 \u201eMy\u201d. Termin \u201eRODO\u201d oznacza Rozporz\u0105dzenie Parlamentu Europejskiego i Rady (UE) 2016\/679 z dnia 27 kwietnia 2016 r. w sprawie ochrony os\u00f3b fizycznych w zwi\u0105zku z przetwarzaniem danych osobowych i w sprawie swobodnego przep\u0142ywu takich danych oraz uchylenia dyrektywy 95\/46\/WE.<\/p>\n<p>Termin \u201cPUODO\u201d okre\u015bla Prezesa Urz\u0119du Ochrony Danych Osobowych.<\/p>\n<p>Terminem \u201c<b>SEMFLEX<\/b>\u201d okre\u015bla\u0107 b\u0119dziemy pe\u0142n\u0105 nazw\u0119 firmy \u201c<b>SEMFLEX \u0141ukasz Piotrowski\u201d<\/b><\/p>\n<p>&nbsp;<\/p>\n<h3><b>\u00a7.1<\/b> <b>Kto jest odpowiedzialny za przetwarzanie Twoich danych? <\/b><\/h3>\n<p>Administratorem Pa\u0144stwa danych jest <b>\u0141ukasz Piotrowski <\/b>prowadz\u0105cy dzia\u0142alno\u015b\u0107 gospodarcz\u0105 pod nazw\u0105 \u00a0<b>SEMFLEX \u0141ukasz Piotrowski<\/b> z siedzib\u0105 w <b>Krakowie <\/b>przy ulicy ks. <b>Siemaszki 33\/9<\/b> wpisany do <b>CENTRALNEJ EWIDENCJI I INFORMACJI O DZIA\u0141ALNO\u015aCI GOSPODARCZEJ (CEIDG) <\/b>pod numerem<\/p>\n<p><b>NIP: 9452107304 REGON: 364600933<br \/>\n<\/b><\/p>\n<p>&nbsp;<\/p>\n<p>Ochrona danych odbywa si\u0119 zgodnie z wymogami powszechnie obowi\u0105zuj\u0105cych przepis\u00f3w prawa, a ich przechowywanie ma miejsce na zabezpieczonych serwerach.<\/p>\n<p>&nbsp;<\/p>\n<h3><b>\u00a7. 2 Jakiego rodzaju dane przetwarzam na stronie SEMFLEX.PL?<\/b><\/h3>\n<p>Je\u015bli skorzystasz z formularza kontaktowego, to przetwarzamy Twoje dane takie jak: imi\u0119, nazwisko, adres e-mail, numer telefonu oraz adres IP.<\/p>\n<p>&nbsp;<\/p>\n<p>W przypadku sk\u0142adania zam\u00f3wie\u0144 drog\u0105 elektroniczn\u0105 przetwarzamy jedynie te dane, kt\u00f3re s\u0105 niezb\u0119dne do realizacji us\u0142ugi (faktury, umowy).<\/p>\n<p>&nbsp;<\/p>\n<p>Odwiedzaj\u0105c stron\u0119 internetow\u0105 <b>SEMFLEX.PL<\/b> zbieramy Twoje dane poprzez <b>pliki cookies <\/b>oraz <b>logi serwera <\/b>na kt\u00f3rych przechowywana jest strona. Pe\u0142ne dane na temat plik\u00f3w cookies, jakie wykorzystujemy zawarli\u015bmy w \u201c<b>Polityce cookies<\/b>\u201d paragraf <b>\u00a7. 9<\/b><\/p>\n<p>&nbsp;<\/p>\n<h3><b>\u00a7. 3 W jakim celu przetwarzamy Twoje dane?<\/b><\/h3>\n<ol>\n<li>Dane wysy\u0142ane przez nasz <b>formularz kontaktowy<\/b> oraz wysy\u0142ane bezpo\u015brednio na nasz adres <b>e-mail <\/b>przetwarzamy w celu:\n<ol>\n<li>wywi\u0105zania si\u0119 z umowy \u015bwiadczenia us\u0142ug,<\/li>\n<li>odpowiedzi na zapytania ofertowe.<\/li>\n<\/ol>\n<\/li>\n<li>Dane pozyskane poprzez pliki cookies wykorzystujemy do monitorowania i sprawdzenia, w jaki spos\u00f3b u\u017cytkownicy korzystaj\u0105 z witryny <b>SEMFLEX.PL <\/b>(szczeg\u00f3\u0142owe informacje znajduj\u0105 si\u0119 w dziale \u201c<b>Polityka cookies<\/b>\u201d paragraf <b>\u00a7. 9<\/b>)<\/li>\n<li>Dane pozyskiwane poprzez <b>logi serwera<\/b> nie s\u0105 kojarzone z konkretnymi osobami korzystaj\u0105cymi ze strony <b>SEMFLEX.PL<\/b> i nie s\u0105 wykorzystywane przez Administratora w celu identyfikacji U\u017cytkownika. Stanowi\u0105 wy\u0142\u0105cznie materia\u0142 pomocniczy s\u0142u\u017c\u0105cy do administrowania Stron\u0105, a ich zawarto\u015b\u0107 nie jest ujawniana nikomu poza osobami upowa\u017cnionymi do administrowania serwerem<\/li>\n<\/ol>\n<p>&nbsp;<\/p>\n<h3><b>\u00a7. 4 Na jakiej podstawie przetwarzamy dane osobowe?<\/b><\/h3>\n<p>&nbsp;<\/p>\n<ol>\n<li>Realizacja umowy sprzeda\u017cy <b>&#8211; <\/b>podstaw\u0105 prawn\u0105 dla przetwarzania zebranych danych osobowych U\u017cytkownika jest wykonanie umowy sprzeda\u017cy. \u00a0W tym wzgl\u0119dzie U\u017cytkownik mo\u017ce dobrowolnie poda\u0107 dane potrzebne do wykonania umowy (Dane niezb\u0119dne do wystawienia potwierdzenia sprzeda\u017cy faktura\/paragon oraz dane niezb\u0119dne do prawid\u0142owej wysy\u0142ki zakupionego towaru),<\/li>\n<\/ol>\n<p>W przypadku nie podania tych danych nie jest mo\u017cliwe wykonanie umowy sprzeda\u017cy.<\/p>\n<ol>\n<li>Zgoda &#8211; \u00a0podstaw\u0105 prawn\u0105 dla przetwarzania danych osobowych U\u017cytkownika b\u0119dzie zgoda zainteresowanego kt\u00f3rego dane dotycz\u0105,<\/li>\n<li>Niezb\u0119dno\u015b\u0107 przetwarzania danych do wype\u0142niania obowi\u0105zku prawnego ci\u0105\u017c\u0105cego na Administratorze,<\/li>\n<li>Niezb\u0119dno\u015b\u0107 przetwarzania danych do cel\u00f3w wynikaj\u0105cych z uzasadnionych interes\u00f3w realizowanych przez Administratora.<\/li>\n<\/ol>\n<h3><b>\u00a7. 5 Kto mo\u017ce mie\u0107 dost\u0119p do Pa\u0144stwa danych osobowych?<\/b><\/h3>\n<p>Dost\u0119p do Pa\u0144stwa danych osobowych maj\u0105 wy\u0142\u0105cznie podmioty powi\u0105zane z Administratorem takie jak:<\/p>\n<ul>\n<li>firmy \u015bwiadcz\u0105ce us\u0142ugi ksi\u0119gowe,<\/li>\n<li>firmy \u015bwiadcz\u0105ce us\u0142ugi informatyczne,<\/li>\n<li>dostawca us\u0142ug hostingowych niezb\u0119dny do funkcjonowania sklepu internetowego oraz poczty elektronicznej w domenie <b>SEMFLEX.PL<\/b><\/li>\n<li>agencja reklamowa obs\u0142uguj\u0105ca <b>SEMFLEX.PL<\/b><\/li>\n<\/ul>\n<h3><b>\u00a7. 6 Jak d\u0142ugo przechowujemy Twoje dane?<\/b><\/h3>\n<p><b>SEMFLEX.PL<\/b> \u202fb\u0119dzie przechowywa\u0107 Twoje dane osobowe jedynie przez okres konieczny do spe\u0142nienia wymog\u00f3w obowi\u0105zuj\u0105cych przepis\u00f3w prawa. Oznacza to, \u017ce mo\u017cemy przechowywa\u0107 Twoje dane osobowe przez uzasadniony okres nawet gdy zaprzestaniesz ju\u017c korzystania z us\u0142ug <b>SEMFLEX.PL <\/b>, w szczeg\u00f3lno\u015bci dotyczy to danych niezb\u0119dnych do wype\u0142nienia zobowi\u0105za\u0144 naszej firmy przed organami administracji pa\u0144stwowej (m.in. Administracji Skarbowej).<\/p>\n<p>&nbsp;<\/p>\n<h3><b>\u00a7. 7 Polityka bezpiecze\u0144stwa, czyli jak chronimy Twoje dane:<\/b><\/h3>\n<ol>\n<li>Szanujemy Twoje prawo do prywatno\u015bci i dbamy o bezpiecze\u0144stwo danych. W tym celu do <b>komunikacji e-mail<\/b> \u00a0jak i <b>komunikacji poprzez formularz kontaktowy<\/b> na \u00a0naszej stronie <b>SEMFLEX.PL<\/b> u\u017cywany jest m.in. bezpieczny protok\u00f3\u0142 szyfrowania komunikacji (SSL).<\/li>\n<li>Dane osobowe podawane w formularzu na naszej stronie, jak r\u00f3wnie\u017c w korespondencji <b>e-mail <\/b>wysy\u0142anej na adresy firmowe w domenie <b>@SEMFLEX.PL<\/b> s\u0105 traktowane jako poufne i nie s\u0105 widoczne dla os\u00f3b nieuprawnionych.<\/li>\n<li>Komputery na kt\u00f3re przychodzi Pa\u0144stwa korespondencja elektroniczna i na kt\u00f3rych przechowywane s\u0105 Pa\u0144stwa dane posiada szereg r\u00f3\u017cnych zabezpiecze\u0144 w postaci:\n<ol>\n<li>urz\u0105dzenia znajduj\u0105 si\u0119 w zamykanych pomieszczeniach dost\u0119pnych jedynie dla os\u00f3b uprawnionych do przetwarzania danych<\/li>\n<li>stosujemy trudne has\u0142a zmieniane cyklicznie oraz system kont u\u017cytkownik\u00f3w o r\u00f3\u017cnych poziomach dost\u0119pu<\/li>\n<li>stosujemy licencjonowane, stale aktualizowanego oprogramowanie antywirusowe oraz zapory sieciowe<\/li>\n<li>stosujemy licencjonowane, stale aktualizowane systemy operacyjne<\/li>\n<li>do obs\u0142ugi poczty elektronicznej stosujemy bezpieczne, stale aktualizowane oprogramowanie<\/li>\n<li>monitory komputer\u00f3w s\u0105 ustawione tak aby uniemo\u017cliwi\u0107 podgl\u0105d ekrany osobom nieuprawnionym &#8211; tzw.<b> polityka czystego ekranu<\/b><\/li>\n<li>komputery posiadaj\u0105 zaprogramowany wygaszacz ekranu i automatyczn\u0105 blokad\u0119 po up\u0142ywie 5 min bezczynno\u015bci<\/li>\n<\/ol>\n<\/li>\n<li>Dane osobowe przetwarzaj\u0105 osoby wy\u0142\u0105cznie upowa\u017cnione przez nas albo przetwarzaj\u0105cy, z kt\u00f3rymi \u015bci\u015ble wsp\u00f3\u0142pracujemy<\/li>\n<li>Wszystkie osoby w firmie <b>&#8222;SEMFLEX&#8221; <\/b>przesz\u0142y szkolenie z zakresu bezpiecze\u0144stwa danych osobowych<\/li>\n<\/ol>\n<p>&nbsp;<\/p>\n<p>Firma <b>&#8222;SEMFLEX&#8221;<\/b> deklaruje, \u017ce wdro\u017cy\u0142a wszystkie niezb\u0119dne \u015brodki techniczne i organizacyjne, aby zagwarantowa\u0107 bezpiecze\u0144stwo i integralno\u015b\u0107 danych osobowych, kt\u00f3re przetwarza, a tak\u017ce by zapobiega\u0107 ich utracie, modyfikacji i\/lub dost\u0119powi ze strony nieupowa\u017cnionych os\u00f3b trzecich.<\/p>\n<p>&nbsp;<\/p>\n<h3><b>\u00a7. 8 Jakie maj\u0105 Pa\u0144stwo prawa zwi\u0105zane z danymi osobowymi?<\/b><\/h3>\n<p>&nbsp;<\/p>\n<p>Ka\u017cda osoba, kt\u00f3rej dane dotycz\u0105 (je\u017celi jeste\u015bmy ich administratorem) ma prawo do:<\/p>\n<p>&#8211; dost\u0119pu do swoich danych,<\/p>\n<p>&#8211; sprostowania swoich danych,<\/p>\n<p>&#8211; usuni\u0119cia lub ograniczenia przetwarzania swoich danych,<\/p>\n<p>&#8211; prawo sprzeciwu wobec przetwarzania swoich danych,<\/p>\n<p>&#8211; prawo wniesienia skargi do organu nadzorczego (PUODO).<\/p>\n<p>&nbsp;<\/p>\n<p>Kontakt z osob\u0105 nadzoruj\u0105c\u0105 przetwarzanie danych osobowych w firmie <b>&#8222;SEMFLEX&#8221;<\/b> jest mo\u017cliwy drog\u0105 elektroniczn\u0105 pod adresem e-mail: <a href=\"mailto:BIURO@SEMFLEX.PL\"><b>BIURO@SEMFLEX.PL<\/b><\/a><\/p>\n<p>&nbsp;<\/p>\n<p><b>W celu modyfikacji lub \u017c\u0105dania usuni\u0119cia danych prosimy o dok\u0142adne sprecyzowanie jakich danych \u017c\u0105danie dotyczy oraz jaki jest po\u017c\u0105dany spos\u00f3b modyfikacji danych (np. zmiana danych osobowych, ca\u0142kowite usuni\u0119cie danych osobowych z bazy danych).<\/b><\/p>\n<p>&nbsp;<\/p>\n<p>Zastrzegamy sobie prawo do przetwarzania Twoich danych po rozwi\u0105zaniu Umowy lub cofni\u0119ciu zgody tylko w zakresie na potrzeby dochodzenia ewentualnych roszcze\u0144 przed s\u0105dem lub je\u017celi przepisy krajowe, unijne b\u0105d\u017a prawa mi\u0119dzynarodowego obliguj\u0105 nas do retencji danych.<\/p>\n<p>&nbsp;<\/p>\n<p>Usuni\u0119cie danych osobowych mo\u017ce nast\u0105pi\u0107 na skutek cofni\u0119cia zgody b\u0105d\u017a wniesienia prawnie dopuszczalnego sprzeciwu na przetwarzanie danych osobowych.<\/p>\n<p>&nbsp;<\/p>\n<h3><b>\u00a7. 9. Polityka cookies<\/b><\/h3>\n<p>&nbsp;<\/p>\n<p>Witryna <b>SEMFLEX.PL<\/b> u\u017cywa cookies. S\u0105 to niewielkie pliki tekstowe wysy\u0142ane przez serwer www i przechowywane przez oprogramowanie komputera przegl\u0105darki. Kiedy przegl\u0105darka ponownie po\u0142\u0105czy si\u0119 ze stron\u0105, witryna rozpoznaje rodzaj urz\u0105dzenia, z kt\u00f3rego \u0142\u0105czy si\u0119 u\u017cytkownik. Parametry pozwalaj\u0105 na odczytanie informacji w nich zawartych jedynie serwerowi, kt\u00f3ry je utworzy\u0142. Cookies u\u0142atwiaj\u0105 wi\u0119c korzystanie z wcze\u015bniej odwiedzonych witryn.<\/p>\n<p>Gromadzone informacje dotycz\u0105:<\/p>\n<ul>\n<li>adresu IP,<\/li>\n<li>typu wykorzystywanej przegl\u0105darki,<\/li>\n<li>j\u0119zyka,<\/li>\n<li>rodzaju systemu operacyjnego,<\/li>\n<li>dostawcy us\u0142ug internetowych,<\/li>\n<li>informacji o czasie i dacie,<\/li>\n<li>lokalizacji oraz informacji przesy\u0142anych do witryny za po\u015brednictwem formularza kontaktowego.<\/li>\n<\/ul>\n<p>&nbsp;<\/p>\n<p>Zebrane dane s\u0142u\u017c\u0105 do monitorowania i sprawdzenia, w jaki spos\u00f3b u\u017cytkownicy korzystaj\u0105 z naszych witryn, aby usprawnia\u0107 funkcjonowanie serwisu zapewniaj\u0105c bardziej efektywn\u0105 i bezproblemow\u0105 nawigacj\u0119.<\/p>\n<p>&nbsp;<\/p>\n<p>Monitorowania informacji o u\u017cytkownikach dokonujemy korzystaj\u0105c z narz\u0119dzia <b>Google Tag Manager<\/b>, <b>Google Analytics<\/b>, <b>Google Search Console<\/b>, kt\u00f3re rejestruje zachowanie u\u017cytkownika na stronie. Cookies identyfikuje u\u017cytkownika, co pozwala na dopasowanie tre\u015bci witryny, z kt\u00f3rej korzysta, do jego potrzeb. Zapami\u0119tuj\u0105c jego preferencje, umo\u017cliwia odpowiednie dopasowanie skierowanych do niego reklam. Stosujemy pliki cookies, aby zagwarantowa\u0107 najwy\u017cszy standard wygody naszego serwisu, a zebrane dane s\u0105 wykorzystywane jedynie wewn\u0105trz firmy <b>&#8222;SEMFLEX&#8221;<\/b> w celu optymalizacji dzia\u0142a\u0144.<\/p>\n<p>&nbsp;<\/p>\n<p>Na naszej witrynie wykorzystujemy nast\u0119puj\u0105ce typy plik\u00f3w cookies:<\/p>\n<p>a) \u201eniezb\u0119dne\u201d pliki cookies, umo\u017cliwiaj\u0105ce korzystanie z us\u0142ug dost\u0119pnych w ramach serwisu, np. uwierzytelniaj\u0105ce pliki cookies wykorzystywane do us\u0142ug wymagaj\u0105cych uwierzytelniania w ramach serwisu;<\/p>\n<p>b) pliki cookies s\u0142u\u017c\u0105ce do zapewnienia bezpiecze\u0144stwa, np. wykorzystywane do wykrywania nadu\u017cy\u0107 w zakresie uwierzytelniania w ramach serwisu<\/p>\n<p>c) \u201ewydajno\u015bciowe\u201d pliki cookies, umo\u017cliwiaj\u0105ce zbieranie informacji o sposobie korzystania ze stron internetowych serwisu<\/p>\n<p>d) \u201efunkcjonalne\u201d pliki cookies, umo\u017cliwiaj\u0105ce \u201ezapami\u0119tanie\u201d wybranych przez u\u017cytkownika ustawie\u0144 i personalizacj\u0119 interfejsu u\u017cytkownika, np. w zakresie wybranego j\u0119zyka lub regionu, z kt\u00f3rego pochodzi u\u017cytkownik, rozmiaru czcionki, wygl\u0105du strony internetowej itp.<\/p>\n<p>e) \u201ereklamowe\u201d pliki cookies, umo\u017cliwiaj\u0105ce dostarczanie u\u017cytkownikom tre\u015bci reklamowych bardziej dostosowanych do ich zainteresowa\u0144.<\/p>\n<p>&nbsp;<\/p>\n<p>U\u017cytkownik w ka\u017cdej chwili ma mo\u017cliwo\u015b\u0107 wy\u0142\u0105czenia lub przywr\u00f3cenia opcji gromadzenia cookies poprzez zmian\u0119 ustawie\u0144 w przegl\u0105darce internetowej. Instrukcja zarz\u0105dzania plikami cookies jest dost\u0119pna na stronie: <b>http:\/\/www.allaboutcookies.org\/manage-cookies<\/b><\/p>\n<p>&nbsp;<\/p>\n<p><b>Dodatkowe dane osobowe, jak adres e-mail, zbierane s\u0105 jedynie w miejscach, w kt\u00f3rych u\u017cytkownik wype\u0142niaj\u0105c formularz wyra\u017anie wyrazi\u0142 na to zgod\u0119.<\/b> Powy\u017csze dane zachowujemy i wykorzystujemy tylko do potrzeb niezb\u0119dnych do wykonania danej funkcji np. odpowiedzi na zapytanie ofertowe<\/p>\n<p>&nbsp;<\/p>\n","protected":false},"excerpt":{"rendered":"<p>INFORMACJE OG\u00d3LNE Niniejsza Polityka Prywatno\u015bci okre\u015bla zasady przetwarzania i ochrony danych osobowych przekazanych przez U\u017cytkownik\u00f3w w zwi\u0105zku z korzystaniem ze strony internetowej SEMFLEX.PL oraz z poczty elektronicznej wysy\u0142anej na adresy pocztowe w domenie @SEMFLEX.PL &nbsp; S\u0141OWNIK POJ\u0118\u0106 Na potrzeby lepszego odbioru Polityki Prywatno\u015bci termin \u201eU\u017cytkownik\u201d cz\u0119\u015bciowo zast\u0105piony zosta\u0142 okre\u015bleniem \u201eTy\u201d, \u00a0\u201eAdministrator\u201d \u2013 \u201eMy\u201d. Termin \u201eRODO\u201d [&hellip;]<\/p>\n","protected":false},"author":1,"featured_media":0,"parent":0,"menu_order":0,"comment_status":"closed","ping_status":"closed","template":"","meta":{"footnotes":""},"yoast_head":"<!-- This site is optimized with the Yoast SEO plugin v22.2 - https:\/\/yoast.com\/wordpress\/plugins\/seo\/ -->\n<title>Polityka prywatno\u015bci - SEMFLEX<\/title>\n<meta name=\"robots\" content=\"noindex, follow\" \/>\n<meta property=\"og:locale\" content=\"pl_PL\" \/>\n<meta property=\"og:type\" content=\"article\" \/>\n<meta property=\"og:title\" content=\"Polityka prywatno\u015bci - SEMFLEX\" \/>\n<meta property=\"og:description\" content=\"INFORMACJE OG\u00d3LNE Niniejsza Polityka Prywatno\u015bci okre\u015bla zasady przetwarzania i ochrony danych osobowych przekazanych przez U\u017cytkownik\u00f3w w zwi\u0105zku z korzystaniem ze strony internetowej SEMFLEX.PL oraz z poczty elektronicznej wysy\u0142anej na adresy pocztowe w domenie @SEMFLEX.PL &nbsp; S\u0141OWNIK POJ\u0118\u0106 Na potrzeby lepszego odbioru Polityki Prywatno\u015bci termin \u201eU\u017cytkownik\u201d cz\u0119\u015bciowo zast\u0105piony zosta\u0142 okre\u015bleniem \u201eTy\u201d, \u00a0\u201eAdministrator\u201d \u2013 \u201eMy\u201d. Termin \u201eRODO\u201d [&hellip;]\" \/>\n<meta property=\"og:url\" content=\"https:\/\/semflex.pl\/?page_id=621\" \/>\n<meta property=\"og:site_name\" content=\"SEMFLEX\" \/>\n<meta property=\"article:modified_time\" content=\"2018-05-24T22:11:42+00:00\" \/>\n<meta name=\"twitter:card\" content=\"summary_large_image\" \/>\n<meta name=\"twitter:label1\" content=\"Szacowany czas czytania\" \/>\n\t<meta name=\"twitter:data1\" content=\"8 minut\" \/>\n<script type=\"application\/ld+json\" class=\"yoast-schema-graph\">{\"@context\":\"https:\/\/schema.org\",\"@graph\":[{\"@type\":\"WebPage\",\"@id\":\"https:\/\/semflex.pl\/?page_id=621\",\"url\":\"https:\/\/semflex.pl\/?page_id=621\",\"name\":\"Polityka prywatno\u015bci - SEMFLEX\",\"isPartOf\":{\"@id\":\"https:\/\/semflex.pl\/#website\"},\"datePublished\":\"2018-05-24T22:10:07+00:00\",\"dateModified\":\"2018-05-24T22:11:42+00:00\",\"breadcrumb\":{\"@id\":\"https:\/\/semflex.pl\/?page_id=621#breadcrumb\"},\"inLanguage\":\"pl-PL\",\"potentialAction\":[{\"@type\":\"ReadAction\",\"target\":[\"https:\/\/semflex.pl\/?page_id=621\"]}]},{\"@type\":\"BreadcrumbList\",\"@id\":\"https:\/\/semflex.pl\/?page_id=621#breadcrumb\",\"itemListElement\":[{\"@type\":\"ListItem\",\"position\":1,\"name\":\"Pozycjonowanie\",\"item\":\"https:\/\/semflex.pl\/\"},{\"@type\":\"ListItem\",\"position\":2,\"name\":\"Polityka prywatno\u015bci\"}]},{\"@type\":\"WebSite\",\"@id\":\"https:\/\/semflex.pl\/#website\",\"url\":\"https:\/\/semflex.pl\/\",\"name\":\"SEMFLEX\",\"description\":\"Pozycjonowanie stron Krak\u00f3w\",\"potentialAction\":[{\"@type\":\"SearchAction\",\"target\":{\"@type\":\"EntryPoint\",\"urlTemplate\":\"https:\/\/semflex.pl\/?s={search_term_string}\"},\"query-input\":\"required name=search_term_string\"}],\"inLanguage\":\"pl-PL\"}]}<\/script>\n<!-- \/ Yoast SEO plugin. -->","yoast_head_json":{"title":"Polityka prywatno\u015bci - SEMFLEX","robots":{"index":"noindex","follow":"follow"},"og_locale":"pl_PL","og_type":"article","og_title":"Polityka prywatno\u015bci - SEMFLEX","og_description":"INFORMACJE OG\u00d3LNE Niniejsza Polityka Prywatno\u015bci okre\u015bla zasady przetwarzania i ochrony danych osobowych przekazanych przez U\u017cytkownik\u00f3w w zwi\u0105zku z korzystaniem ze strony internetowej SEMFLEX.PL oraz z poczty elektronicznej wysy\u0142anej na adresy pocztowe w domenie @SEMFLEX.PL &nbsp; S\u0141OWNIK POJ\u0118\u0106 Na potrzeby lepszego odbioru Polityki Prywatno\u015bci termin \u201eU\u017cytkownik\u201d cz\u0119\u015bciowo zast\u0105piony zosta\u0142 okre\u015bleniem \u201eTy\u201d, \u00a0\u201eAdministrator\u201d \u2013 \u201eMy\u201d. Termin \u201eRODO\u201d [&hellip;]","og_url":"https:\/\/semflex.pl\/?page_id=621","og_site_name":"SEMFLEX","article_modified_time":"2018-05-24T22:11:42+00:00","twitter_card":"summary_large_image","twitter_misc":{"Szacowany czas czytania":"8 minut"},"schema":{"@context":"https:\/\/schema.org","@graph":[{"@type":"WebPage","@id":"https:\/\/semflex.pl\/?page_id=621","url":"https:\/\/semflex.pl\/?page_id=621","name":"Polityka prywatno\u015bci - SEMFLEX","isPartOf":{"@id":"https:\/\/semflex.pl\/#website"},"datePublished":"2018-05-24T22:10:07+00:00","dateModified":"2018-05-24T22:11:42+00:00","breadcrumb":{"@id":"https:\/\/semflex.pl\/?page_id=621#breadcrumb"},"inLanguage":"pl-PL","potentialAction":[{"@type":"ReadAction","target":["https:\/\/semflex.pl\/?page_id=621"]}]},{"@type":"BreadcrumbList","@id":"https:\/\/semflex.pl\/?page_id=621#breadcrumb","itemListElement":[{"@type":"ListItem","position":1,"name":"Pozycjonowanie","item":"https:\/\/semflex.pl\/"},{"@type":"ListItem","position":2,"name":"Polityka prywatno\u015bci"}]},{"@type":"WebSite","@id":"https:\/\/semflex.pl\/#website","url":"https:\/\/semflex.pl\/","name":"SEMFLEX","description":"Pozycjonowanie stron Krak\u00f3w","potentialAction":[{"@type":"SearchAction","target":{"@type":"EntryPoint","urlTemplate":"https:\/\/semflex.pl\/?s={search_term_string}"},"query-input":"required name=search_term_string"}],"inLanguage":"pl-PL"}]}},"_links":{"self":[{"href":"https:\/\/semflex.pl\/index.php?rest_route=\/wp\/v2\/pages\/621"}],"collection":[{"href":"https:\/\/semflex.pl\/index.php?rest_route=\/wp\/v2\/pages"}],"about":[{"href":"https:\/\/semflex.pl\/index.php?rest_route=\/wp\/v2\/types\/page"}],"author":[{"embeddable":true,"href":"https:\/\/semflex.pl\/index.php?rest_route=\/wp\/v2\/users\/1"}],"replies":[{"embeddable":true,"href":"https:\/\/semflex.pl\/index.php?rest_route=%2Fwp%2Fv2%2Fcomments&post=621"}],"version-history":[{"count":2,"href":"https:\/\/semflex.pl\/index.php?rest_route=\/wp\/v2\/pages\/621\/revisions"}],"predecessor-version":[{"id":623,"href":"https:\/\/semflex.pl\/index.php?rest_route=\/wp\/v2\/pages\/621\/revisions\/623"}],"wp:attachment":[{"href":"https:\/\/semflex.pl\/index.php?rest_route=%2Fwp%2Fv2%2Fmedia&parent=621"}],"curies":[{"name":"wp","href":"https:\/\/api.w.org\/{rel}","templated":true}]}}